{"id":7672,"date":"2025-11-19T13:54:19","date_gmt":"2025-11-19T12:54:19","guid":{"rendered":"https:\/\/prometna.net\/srednja-sola\/?page_id=7672"},"modified":"2025-11-19T14:11:12","modified_gmt":"2025-11-19T13:11:12","slug":"vpis-dijakov-tujcev","status":"publish","type":"page","link":"https:\/\/prometna.net\/srednja-sola\/vpis\/vpis-dijakov-tujcev\/","title":{"rendered":"Vpis dijakov tujcev"},"content":{"rendered":"<h2 class=\"x_MsoNormal\" style=\"text-align: center;\"><b>Dokumentacija ob vpisu<\/b><\/h2>\n<p class=\"x_MsoNormal\">Osebe, ki so kon\u010dale \u0161olanje v tujini in bi rade nadaljevale izobra\u017eevanje na na\u0161i \u0161oli, morajo<b>\u00a0prilo\u017eiti slede\u010de dokumente:<\/b><\/p>\n<ol start=\"1\" type=\"1\">\n<li class=\"x_MsoNormal\">Vlogo (Prijava za vpis v za\u010detni letnik srednje \u0161ole),<\/li>\n<li class=\"x_MsoNormal\">Osebni dokument in njegovo fotokopijo,<\/li>\n<li class=\"x_MsoNormal\">Slovenski EM\u0160O,<\/li>\n<li class=\"x_MsoNormal\"><a title=\"http:\/\/e-uprava.gov.si\/podrocja\/vloge\/vloga.html?id=2130\" href=\"http:\/\/e-uprava.gov.si\/podrocja\/vloge\/vloga.html?id=2130\" data-auth=\"NotApplicable\" data-linkindex=\"1\" data-ogsc=\"\">Obrazec N<\/a>\u00a0(vlogo za priznavanje izobra\u017eevanja za namen nadaljnjega izobra\u017eevanja),<\/li>\n<li class=\"x_MsoNormal\">Originalna spri\u010devala o zaklju\u010denem izobra\u017eevanju ter fotokopije; spri\u010devala morajo biti legalizirana (npr. \u017eig APOSTILLE za dr\u017eave podpisnice Haa\u0161ke konvencije),<\/li>\n<li class=\"x_MsoNormal\">Prevod spri\u010deval, ki morajo biti prevedena pri zaprise\u017eenem sodnem tolma\u010du,<\/li>\n<li class=\"x_MsoNormal\">Kratek opis poteka dosedanjega izobra\u017eevanja z informacijami o tem, ali je izobra\u017eevanje potekalo s prekinitvami (pre\u0161olanje, ipd.).<\/li>\n<\/ol>\n<p class=\"x_MsoNormal\">Dijakom, ki so vlo\u017eili vlogo za priznavanje izobra\u017eevanja, \u0161ola izda odlo\u010dbo, v kateri se prizna oz. ne prizna pravica do nadaljnjega izobra\u017eevanja.<\/p>\n<p class=\"x_MsoNormal\"><b>Te\u010daj slovenskega jezika<\/b><\/p>\n<p class=\"x_MsoNormal\">Dijak, katerega materni jezik ni slovenski ali ni kon\u010dal osnovno\u0161olskega izobra\u017eevanja v Republiki Sloveniji, ob prvi vklju\u010ditvi v srednje\u0161olsko izobra\u017eevanje v Republiki Sloveniji\u00a0<b>izka\u017ee znanje sloven\u0161\u010dine s potrdilom o opravljenem preizkusu znanja<\/b>\u00a0po Skupnem evropskem jezikovnem okviru na ravni A2. \u010ce potrdila ne predlo\u017ei, opravlja preizkus znanja na \u0161oli.<\/p>\n<p class=\"x_MsoNormal\">Za dijake, ki niso predlo\u017eili potrdila o opravljenem preizkusu znanja po Skupnem evropskem jezikovnem okviru na ravni A2 oziroma\u00a0<b>niso opravili preizkusa, \u0161ola ob za\u010detku \u0161olskega leta organizira intenzivni te\u010daj sloven\u0161\u010dine<\/b>.<\/p>\n<p><img decoding=\"async\" loading=\"lazy\" class=\"size-full wp-image-592 alignleft\" src=\"https:\/\/prometna.net\/srednja-sola\/wp-content\/uploads\/sites\/3\/2018\/01\/icons8-pdf-64.png\" alt=\"\" width=\"64\" height=\"64\" \/><a href=\"https:\/\/prometna.net\/srednja-sola\/wp-content\/uploads\/sites\/3\/2025\/11\/ObrazecN-tujci.pdf\" target=\"_blank\" rel=\"noopener\">Obrazec_tujci.pdf<\/a><\/p>\n","protected":false},"excerpt":{"rendered":"<p>Dokumentacija ob vpisu Osebe, ki so kon\u010dale \u0161olanje v tujini in bi rade nadaljevale izobra\u017eevanje na na\u0161i \u0161oli, morajo\u00a0prilo\u017eiti slede\u010de [&hellip;]<\/p>\n","protected":false},"author":691,"featured_media":0,"parent":97,"menu_order":0,"comment_status":"closed","ping_status":"closed","template":"","meta":[],"aioseo_notices":[],"_links":{"self":[{"href":"https:\/\/prometna.net\/srednja-sola\/wp-json\/wp\/v2\/pages\/7672"}],"collection":[{"href":"https:\/\/prometna.net\/srednja-sola\/wp-json\/wp\/v2\/pages"}],"about":[{"href":"https:\/\/prometna.net\/srednja-sola\/wp-json\/wp\/v2\/types\/page"}],"author":[{"embeddable":true,"href":"https:\/\/prometna.net\/srednja-sola\/wp-json\/wp\/v2\/users\/691"}],"replies":[{"embeddable":true,"href":"https:\/\/prometna.net\/srednja-sola\/wp-json\/wp\/v2\/comments?post=7672"}],"version-history":[{"count":4,"href":"https:\/\/prometna.net\/srednja-sola\/wp-json\/wp\/v2\/pages\/7672\/revisions"}],"predecessor-version":[{"id":7680,"href":"https:\/\/prometna.net\/srednja-sola\/wp-json\/wp\/v2\/pages\/7672\/revisions\/7680"}],"up":[{"embeddable":true,"href":"https:\/\/prometna.net\/srednja-sola\/wp-json\/wp\/v2\/pages\/97"}],"wp:attachment":[{"href":"https:\/\/prometna.net\/srednja-sola\/wp-json\/wp\/v2\/media?parent=7672"}],"curies":[{"name":"wp","href":"https:\/\/api.w.org\/{rel}","templated":true}]}}